{"id":17,"date":"2021-01-19T08:01:27","date_gmt":"2021-01-19T08:01:27","guid":{"rendered":"https:\/\/marcioniasa.eu\/blog\/home\/"},"modified":"2023-02-09T16:01:56","modified_gmt":"2023-02-09T19:01:56","slug":"home","status":"publish","type":"page","link":"https:\/\/marcioniasa.eu\/blog\/","title":{"rendered":"Home"},"content":{"rendered":"\t\t<div data-elementor-type=\"wp-page\" data-elementor-id=\"17\" class=\"elementor elementor-17\">\n\t\t\t\t\t\t\t\t\t<section class=\"elementor-section elementor-top-section elementor-element elementor-element-0123579 elementor-section-height-min-height elementor-section-content-middle elementor-section-stretched elementor-hidden-desktop elementor-hidden-tablet elementor-hidden-mobile elementor-section-boxed elementor-section-height-default elementor-section-items-middle\" data-id=\"0123579\" data-element_type=\"section\" data-settings=\"{&quot;background_background&quot;:&quot;classic&quot;,&quot;stretch_section&quot;:&quot;section-stretched&quot;}\">\n\t\t\t\t\t\t<div class=\"elementor-container elementor-column-gap-wide\">\n\t\t\t\t\t<div class=\"elementor-column elementor-col-50 elementor-top-column elementor-element elementor-element-84a1951\" data-id=\"84a1951\" data-element_type=\"column\">\n\t\t\t<div class=\"elementor-widget-wrap elementor-element-populated\">\n\t\t\t\t\t\t\t\t<div class=\"elementor-element elementor-element-cd47b80 elementor-widget__width-inherit elementor-widget elementor-widget-heading\" data-id=\"cd47b80\" data-element_type=\"widget\" data-widget_type=\"heading.default\">\n\t\t\t\t<div class=\"elementor-widget-container\">\n\t\t\t<style>\/*! elementor - v3.10.1 - 17-01-2023 *\/\n.elementor-heading-title{padding:0;margin:0;line-height:1}.elementor-widget-heading .elementor-heading-title[class*=elementor-size-]>a{color:inherit;font-size:inherit;line-height:inherit}.elementor-widget-heading .elementor-heading-title.elementor-size-small{font-size:15px}.elementor-widget-heading .elementor-heading-title.elementor-size-medium{font-size:19px}.elementor-widget-heading .elementor-heading-title.elementor-size-large{font-size:29px}.elementor-widget-heading .elementor-heading-title.elementor-size-xl{font-size:39px}.elementor-widget-heading .elementor-heading-title.elementor-size-xxl{font-size:59px}<\/style><h3 class=\"elementor-heading-title elementor-size-default\">Ol\u00e1, sou<\/h3>\t\t<\/div>\n\t\t\t\t<\/div>\n\t\t\t\t<div class=\"elementor-element elementor-element-caf3118 elementor-widget__width-inherit elementor-widget elementor-widget-heading\" data-id=\"caf3118\" data-element_type=\"widget\" data-widget_type=\"heading.default\">\n\t\t\t\t<div class=\"elementor-widget-container\">\n\t\t\t<h1 class=\"elementor-heading-title elementor-size-default\">Marcio<br>\nNiasa<\/h1>\t\t<\/div>\n\t\t\t\t<\/div>\n\t\t\t\t<div class=\"elementor-element elementor-element-b6b9f74 elementor-widget__width-inherit elementor-widget elementor-widget-text-editor\" data-id=\"b6b9f74\" data-element_type=\"widget\" data-widget_type=\"text-editor.default\">\n\t\t\t\t<div class=\"elementor-widget-container\">\n\t\t\t<style>\/*! elementor - v3.10.1 - 17-01-2023 *\/\n.elementor-widget-text-editor.elementor-drop-cap-view-stacked .elementor-drop-cap{background-color:#818a91;color:#fff}.elementor-widget-text-editor.elementor-drop-cap-view-framed .elementor-drop-cap{color:#818a91;border:3px solid;background-color:transparent}.elementor-widget-text-editor:not(.elementor-drop-cap-view-default) .elementor-drop-cap{margin-top:8px}.elementor-widget-text-editor:not(.elementor-drop-cap-view-default) .elementor-drop-cap-letter{width:1em;height:1em}.elementor-widget-text-editor .elementor-drop-cap{float:left;text-align:center;line-height:1;font-size:50px}.elementor-widget-text-editor .elementor-drop-cap-letter{display:inline-block}<\/style>\t\t\t\tPublicit\u00e1rio por natureza, empreendedor, pai, amante da cultura hip hop, p\u00e9ssimo camisa 10, e quase um artista pl\u00e1stico, rsrsr pintor.\t\t\t\t\t\t<\/div>\n\t\t\t\t<\/div>\n\t\t\t\t\t<\/div>\n\t\t<\/div>\n\t\t\t\t<div class=\"elementor-column elementor-col-50 elementor-top-column elementor-element elementor-element-f716b97\" data-id=\"f716b97\" data-element_type=\"column\">\n\t\t\t<div class=\"elementor-widget-wrap elementor-element-populated\">\n\t\t\t\t\t\t\t\t<div class=\"elementor-element elementor-element-fa03efc elementor-widget elementor-widget-html\" data-id=\"fa03efc\" data-element_type=\"widget\" data-widget_type=\"html.default\">\n\t\t\t\t<div class=\"elementor-widget-container\">\n\t\t\t<div class=\"img-bg\">\n    <img decoding=\"async\" src=\"https:\/\/lionforge.com.br\/marcio\/wp-content\/uploads\/2023\/01\/foto-marcio-niasa-careta.png\">\n<\/div>\t\t<\/div>\n\t\t\t\t<\/div>\n\t\t\t\t\t<\/div>\n\t\t<\/div>\n\t\t\t\t\t\t\t<\/div>\n\t\t<\/section>\n\t\t\t\t<section class=\"elementor-section elementor-top-section elementor-element elementor-element-dd1a3a5 elementor-hidden-desktop elementor-hidden-tablet elementor-hidden-mobile elementor-section-boxed elementor-section-height-default elementor-section-height-default\" data-id=\"dd1a3a5\" data-element_type=\"section\" data-settings=\"{&quot;background_background&quot;:&quot;classic&quot;}\">\n\t\t\t\t\t\t<div class=\"elementor-container elementor-column-gap-default\">\n\t\t\t\t\t<div class=\"elementor-column elementor-col-100 elementor-top-column elementor-element elementor-element-25ed968\" data-id=\"25ed968\" data-element_type=\"column\">\n\t\t\t<div class=\"elementor-widget-wrap elementor-element-populated\">\n\t\t\t\t\t\t\t\t<div class=\"elementor-element elementor-element-2f041b3 elementor-view-default elementor-widget elementor-widget-icon\" data-id=\"2f041b3\" data-element_type=\"widget\" id=\"arrow-bounce\" data-widget_type=\"icon.default\">\n\t\t\t\t<div class=\"elementor-widget-container\">\n\t\t\t\t\t<div class=\"elementor-icon-wrapper\">\n\t\t\t<a class=\"elementor-icon\" href=\"#posts\">\n\t\t\t<i aria-hidden=\"true\" class=\"fas fa-angle-double-down\"><\/i>\t\t\t<\/a>\n\t\t<\/div>\n\t\t\t\t<\/div>\n\t\t\t\t<\/div>\n\t\t\t\t\t<\/div>\n\t\t<\/div>\n\t\t\t\t\t\t\t<\/div>\n\t\t<\/section>\n\t\t\t\t<section class=\"elementor-section elementor-top-section elementor-element elementor-element-eef5183 elementor-section-boxed elementor-section-height-default elementor-section-height-default\" data-id=\"eef5183\" data-element_type=\"section\" id=\"posts\" data-settings=\"{&quot;background_background&quot;:&quot;classic&quot;}\">\n\t\t\t\t\t\t<div class=\"elementor-container elementor-column-gap-no\">\n\t\t\t\t\t<div class=\"elementor-column elementor-col-50 elementor-top-column elementor-element elementor-element-e691695\" data-id=\"e691695\" data-element_type=\"column\" id=\"post-list\">\n\t\t\t<div class=\"elementor-widget-wrap elementor-element-populated\">\n\t\t\t\t\t\t\t\t<div class=\"elementor-element elementor-element-79fdda0 elementor-grid-eael-col-2 elementor-grid-tablet-eael-col-1 elementor-grid-mobile-eael-col-1 elementor-widget elementor-widget-eael-post-grid\" data-id=\"79fdda0\" data-element_type=\"widget\" data-settings=\"{&quot;eael_post_grid_columns&quot;:&quot;eael-col-2&quot;,&quot;eael_post_grid_columns_tablet&quot;:&quot;eael-col-1&quot;,&quot;eael_post_grid_columns_mobile&quot;:&quot;eael-col-1&quot;}\" data-widget_type=\"eael-post-grid.default\">\n\t\t\t\t<div class=\"elementor-widget-container\">\n\t\t\t<div id=\"eael-post-grid-79fdda0\" class=\"eael-post-grid-container\">\n            <div class=\"eael-post-grid eael-post-appender eael-post-appender-79fdda0 eael-post-grid-style-default\" data-layout-mode=\"masonry\"><article class=\"eael-grid-post eael-post-grid-column\" data-id=\"1233\">\n        <div class=\"eael-grid-post-holder\">\n            <div class=\"eael-grid-post-holder-inner\"><div class=\"eael-entry-media\"><div class=\"eael-entry-overlay none\"><i class=\"\" aria-hidden=\"true\"><\/i><a href=\"https:\/\/marcioniasa.eu\/blog\/vendo-casa-mobiliada-de-frente-para-o-mar-em-ilha-comprida\/\"><\/a><\/div><div class=\"eael-entry-thumbnail \">\n                <img loading=\"lazy\" decoding=\"async\" width=\"300\" height=\"225\" src=\"https:\/\/marcioniasa.eu\/blog\/wp-content\/uploads\/2025\/12\/casa-a-venda-ilha-comprida-frente-a-praia-17-super-decorada-estilo-havaiano-praiano-surfista-300x225.jpg\" class=\"attachment-medium size-medium wp-image-1234\" alt=\"\" srcset=\"https:\/\/marcioniasa.eu\/blog\/wp-content\/uploads\/2025\/12\/casa-a-venda-ilha-comprida-frente-a-praia-17-super-decorada-estilo-havaiano-praiano-surfista-300x225.jpg 300w, https:\/\/marcioniasa.eu\/blog\/wp-content\/uploads\/2025\/12\/casa-a-venda-ilha-comprida-frente-a-praia-17-super-decorada-estilo-havaiano-praiano-surfista-1024x767.jpg 1024w, https:\/\/marcioniasa.eu\/blog\/wp-content\/uploads\/2025\/12\/casa-a-venda-ilha-comprida-frente-a-praia-17-super-decorada-estilo-havaiano-praiano-surfista-768x576.jpg 768w, https:\/\/marcioniasa.eu\/blog\/wp-content\/uploads\/2025\/12\/casa-a-venda-ilha-comprida-frente-a-praia-17-super-decorada-estilo-havaiano-praiano-surfista-1536x1151.jpg 1536w, https:\/\/marcioniasa.eu\/blog\/wp-content\/uploads\/2025\/12\/casa-a-venda-ilha-comprida-frente-a-praia-17-super-decorada-estilo-havaiano-praiano-surfista.jpg 1600w\" sizes=\"auto, (max-width: 300px) 100vw, 300px\" \/>\n            <\/div>\n        <\/div><div class=\"eael-entry-wrapper\"><header class=\"eael-entry-header\"><h2 class=\"eael-entry-title\"><a\n                        class=\"eael-grid-post-link\"\n                        href=\"https:\/\/marcioniasa.eu\/blog\/vendo-casa-mobiliada-de-frente-para-o-mar-em-ilha-comprida\/\"\n                        title=\"Vendo Casa Mobiliada de Frente para o Mar em Ilha Comprida\">Vendo Casa Mobiliada de Frente para o Mar em Ilha Comprida<\/a><\/h2><\/header><div class=\"eael-entry-header-after\"><div class=\"eael-author-avatar\"><a href=\"https:\/\/marcioniasa.eu\/blog\/author\/marcioniasa\/\"><img alt='Avatar photo' src='https:\/\/marcioniasa.eu\/blog\/wp-content\/uploads\/2023\/02\/cropped-foto-marcio-niasa-careta-96x96.png' srcset='https:\/\/marcioniasa.eu\/blog\/wp-content\/uploads\/2023\/02\/cropped-foto-marcio-niasa-careta-192x192.png 2x' class='avatar avatar-96 photo' height='96' width='96' \/><\/a><\/div><div class=\"eael-entry-meta\"><span class=\"eael-posted-by\"><a href=\"https:\/\/marcioniasa.eu\/blog\/author\/marcioniasa\/\" title=\"Posts de Marcio Niasa\" rel=\"author\">Marcio Niasa<\/a><\/span><span class=\"eael-posted-on\"><time datetime=\"14 de dezembro de 2025\">14 de dezembro de 2025<\/time><\/span><\/div><\/div><\/div><\/div>\n        <\/div>\n    <\/article><article class=\"eael-grid-post eael-post-grid-column\" data-id=\"1227\">\n        <div class=\"eael-grid-post-holder\">\n            <div class=\"eael-grid-post-holder-inner\"><div class=\"eael-entry-media\"><div class=\"eael-entry-overlay none\"><i class=\"\" aria-hidden=\"true\"><\/i><a href=\"https:\/\/marcioniasa.eu\/blog\/quando-e-que-fica-bom-reflexao-marcio-niasa\/\"><\/a><\/div><div class=\"eael-entry-thumbnail \">\n                <img loading=\"lazy\" decoding=\"async\" width=\"300\" height=\"193\" src=\"https:\/\/marcioniasa.eu\/blog\/wp-content\/uploads\/2025\/12\/Marcio-Niasa-Ilha-Comprida-Hoje-caminhando-na-praia-com-meu-filho-e-mano-quem-anda-na-areia-sabe-a-praia-fala-com-a-gente.O-barulho-do-mar-bate-no-peito-e-parece-que-abre-umas-gavetas-que-a-gente-300x193.png\" class=\"attachment-medium size-medium wp-image-1228\" alt=\"\" srcset=\"https:\/\/marcioniasa.eu\/blog\/wp-content\/uploads\/2025\/12\/Marcio-Niasa-Ilha-Comprida-Hoje-caminhando-na-praia-com-meu-filho-e-mano-quem-anda-na-areia-sabe-a-praia-fala-com-a-gente.O-barulho-do-mar-bate-no-peito-e-parece-que-abre-umas-gavetas-que-a-gente-300x193.png 300w, https:\/\/marcioniasa.eu\/blog\/wp-content\/uploads\/2025\/12\/Marcio-Niasa-Ilha-Comprida-Hoje-caminhando-na-praia-com-meu-filho-e-mano-quem-anda-na-areia-sabe-a-praia-fala-com-a-gente.O-barulho-do-mar-bate-no-peito-e-parece-que-abre-umas-gavetas-que-a-gente-768x495.png 768w, https:\/\/marcioniasa.eu\/blog\/wp-content\/uploads\/2025\/12\/Marcio-Niasa-Ilha-Comprida-Hoje-caminhando-na-praia-com-meu-filho-e-mano-quem-anda-na-areia-sabe-a-praia-fala-com-a-gente.O-barulho-do-mar-bate-no-peito-e-parece-que-abre-umas-gavetas-que-a-gente.png 1024w\" sizes=\"auto, (max-width: 300px) 100vw, 300px\" \/>\n            <\/div>\n        <\/div><div class=\"eael-entry-wrapper\"><header class=\"eael-entry-header\"><h2 class=\"eael-entry-title\"><a\n                        class=\"eael-grid-post-link\"\n                        href=\"https:\/\/marcioniasa.eu\/blog\/quando-e-que-fica-bom-reflexao-marcio-niasa\/\"\n                        title=\"Quando \u00e9 que fica bom? Por que caralhos a gente nunca t\u00e1 satisfeito\">Quando \u00e9 que fica bom? Por que caralhos a gente nunca t\u00e1 satisfeito<\/a><\/h2><\/header><div class=\"eael-entry-header-after\"><div class=\"eael-author-avatar\"><a href=\"https:\/\/marcioniasa.eu\/blog\/author\/marcioniasa\/\"><img alt='Avatar photo' src='https:\/\/marcioniasa.eu\/blog\/wp-content\/uploads\/2023\/02\/cropped-foto-marcio-niasa-careta-96x96.png' srcset='https:\/\/marcioniasa.eu\/blog\/wp-content\/uploads\/2023\/02\/cropped-foto-marcio-niasa-careta-192x192.png 2x' class='avatar avatar-96 photo' height='96' width='96' \/><\/a><\/div><div class=\"eael-entry-meta\"><span class=\"eael-posted-by\"><a href=\"https:\/\/marcioniasa.eu\/blog\/author\/marcioniasa\/\" title=\"Posts de Marcio Niasa\" rel=\"author\">Marcio Niasa<\/a><\/span><span class=\"eael-posted-on\"><time datetime=\"2 de dezembro de 2025\">2 de dezembro de 2025<\/time><\/span><\/div><\/div><\/div><\/div>\n        <\/div>\n    <\/article><article class=\"eael-grid-post eael-post-grid-column\" data-id=\"1217\">\n        <div class=\"eael-grid-post-holder\">\n            <div class=\"eael-grid-post-holder-inner\"><div class=\"eael-entry-media\"><div class=\"eael-entry-overlay none\"><i class=\"\" aria-hidden=\"true\"><\/i><a href=\"https:\/\/marcioniasa.eu\/blog\/a-virada-para-sagadi-gourmet\/\"><\/a><\/div><div class=\"eael-entry-thumbnail \">\n                <img loading=\"lazy\" decoding=\"async\" width=\"300\" height=\"193\" src=\"https:\/\/marcioniasa.eu\/blog\/wp-content\/uploads\/2025\/11\/Sagadi-Gourmet-o-novo-sabor-de-Almirante-Tamandare-marcio-niasa-300x193.png\" class=\"attachment-medium size-medium wp-image-1218\" alt=\"\" srcset=\"https:\/\/marcioniasa.eu\/blog\/wp-content\/uploads\/2025\/11\/Sagadi-Gourmet-o-novo-sabor-de-Almirante-Tamandare-marcio-niasa-300x193.png 300w, https:\/\/marcioniasa.eu\/blog\/wp-content\/uploads\/2025\/11\/Sagadi-Gourmet-o-novo-sabor-de-Almirante-Tamandare-marcio-niasa-768x495.png 768w, https:\/\/marcioniasa.eu\/blog\/wp-content\/uploads\/2025\/11\/Sagadi-Gourmet-o-novo-sabor-de-Almirante-Tamandare-marcio-niasa.png 1025w\" sizes=\"auto, (max-width: 300px) 100vw, 300px\" \/>\n            <\/div>\n        <\/div><div class=\"eael-entry-wrapper\"><header class=\"eael-entry-header\"><h2 class=\"eael-entry-title\"><a\n                        class=\"eael-grid-post-link\"\n                        href=\"https:\/\/marcioniasa.eu\/blog\/a-virada-para-sagadi-gourmet\/\"\n                        title=\"Nova fase: A Virada da Nossa Padoka para Sagad\u00ed Gourmet\">Nova fase: A Virada da Nossa Padoka para Sagad\u00ed Gourmet<\/a><\/h2><\/header><div class=\"eael-entry-header-after\"><div class=\"eael-author-avatar\"><a href=\"https:\/\/marcioniasa.eu\/blog\/author\/marcioniasa\/\"><img alt='Avatar photo' src='https:\/\/marcioniasa.eu\/blog\/wp-content\/uploads\/2023\/02\/cropped-foto-marcio-niasa-careta-96x96.png' srcset='https:\/\/marcioniasa.eu\/blog\/wp-content\/uploads\/2023\/02\/cropped-foto-marcio-niasa-careta-192x192.png 2x' class='avatar avatar-96 photo' height='96' width='96' \/><\/a><\/div><div class=\"eael-entry-meta\"><span class=\"eael-posted-by\"><a href=\"https:\/\/marcioniasa.eu\/blog\/author\/marcioniasa\/\" title=\"Posts de Marcio Niasa\" rel=\"author\">Marcio Niasa<\/a><\/span><span class=\"eael-posted-on\"><time datetime=\"3 de novembro de 2025\">3 de novembro de 2025<\/time><\/span><\/div><\/div><\/div><\/div>\n        <\/div>\n    <\/article><article class=\"eael-grid-post eael-post-grid-column\" data-id=\"1212\">\n        <div class=\"eael-grid-post-holder\">\n            <div class=\"eael-grid-post-holder-inner\"><div class=\"eael-entry-media\"><div class=\"eael-entry-overlay none\"><i class=\"\" aria-hidden=\"true\"><\/i><a href=\"https:\/\/marcioniasa.eu\/blog\/por-que-meu-curriculo-e-eliminado-antes-da-entrevista\/\"><\/a><\/div><div class=\"eael-entry-thumbnail \">\n                <img loading=\"lazy\" decoding=\"async\" width=\"300\" height=\"193\" src=\"https:\/\/marcioniasa.eu\/blog\/wp-content\/uploads\/2025\/08\/marcio-niasa-rapper-empreendedor-Por-que-meu-curriculo-e-eliminado-antes-da-entrevista-300x193.png\" class=\"attachment-medium size-medium wp-image-1213\" alt=\"\" srcset=\"https:\/\/marcioniasa.eu\/blog\/wp-content\/uploads\/2025\/08\/marcio-niasa-rapper-empreendedor-Por-que-meu-curriculo-e-eliminado-antes-da-entrevista-300x193.png 300w, https:\/\/marcioniasa.eu\/blog\/wp-content\/uploads\/2025\/08\/marcio-niasa-rapper-empreendedor-Por-que-meu-curriculo-e-eliminado-antes-da-entrevista-768x495.png 768w, https:\/\/marcioniasa.eu\/blog\/wp-content\/uploads\/2025\/08\/marcio-niasa-rapper-empreendedor-Por-que-meu-curriculo-e-eliminado-antes-da-entrevista.png 1024w\" sizes=\"auto, (max-width: 300px) 100vw, 300px\" \/>\n            <\/div>\n        <\/div><div class=\"eael-entry-wrapper\"><header class=\"eael-entry-header\"><h2 class=\"eael-entry-title\"><a\n                        class=\"eael-grid-post-link\"\n                        href=\"https:\/\/marcioniasa.eu\/blog\/por-que-meu-curriculo-e-eliminado-antes-da-entrevista\/\"\n                        title=\"Por que meu curr\u00edculo \u00e9 eliminado antes da entrevista?\">Por que meu curr\u00edculo \u00e9 eliminado antes da entrevista?<\/a><\/h2><\/header><div class=\"eael-entry-header-after\"><div class=\"eael-author-avatar\"><a href=\"https:\/\/marcioniasa.eu\/blog\/author\/marcioniasa\/\"><img alt='Avatar photo' src='https:\/\/marcioniasa.eu\/blog\/wp-content\/uploads\/2023\/02\/cropped-foto-marcio-niasa-careta-96x96.png' srcset='https:\/\/marcioniasa.eu\/blog\/wp-content\/uploads\/2023\/02\/cropped-foto-marcio-niasa-careta-192x192.png 2x' class='avatar avatar-96 photo' height='96' width='96' \/><\/a><\/div><div class=\"eael-entry-meta\"><span class=\"eael-posted-by\"><a href=\"https:\/\/marcioniasa.eu\/blog\/author\/marcioniasa\/\" title=\"Posts de Marcio Niasa\" rel=\"author\">Marcio Niasa<\/a><\/span><span class=\"eael-posted-on\"><time datetime=\"1 de agosto de 2025\">1 de agosto de 2025<\/time><\/span><\/div><\/div><\/div><\/div>\n        <\/div>\n    <\/article><article class=\"eael-grid-post eael-post-grid-column\" data-id=\"1200\">\n        <div class=\"eael-grid-post-holder\">\n            <div class=\"eael-grid-post-holder-inner\"><div class=\"eael-entry-media\"><div class=\"eael-entry-overlay none\"><i class=\"\" aria-hidden=\"true\"><\/i><a href=\"https:\/\/marcioniasa.eu\/blog\/sinto-que-tenho-que-retribuir-rap-no-movimento\/\"><\/a><\/div><div class=\"eael-entry-thumbnail \">\n                <img loading=\"lazy\" decoding=\"async\" width=\"300\" height=\"193\" src=\"https:\/\/marcioniasa.eu\/blog\/wp-content\/uploads\/2025\/07\/blog-marcio-niasa-rapper-portal-rap-no-movimento-300x193.png\" class=\"attachment-medium size-medium wp-image-1201\" alt=\"O rap me salvou tantas vezes, sinto que tenho que retribuir \u2014 Rap no Movimento\" srcset=\"https:\/\/marcioniasa.eu\/blog\/wp-content\/uploads\/2025\/07\/blog-marcio-niasa-rapper-portal-rap-no-movimento-300x193.png 300w, https:\/\/marcioniasa.eu\/blog\/wp-content\/uploads\/2025\/07\/blog-marcio-niasa-rapper-portal-rap-no-movimento-768x495.png 768w, https:\/\/marcioniasa.eu\/blog\/wp-content\/uploads\/2025\/07\/blog-marcio-niasa-rapper-portal-rap-no-movimento.png 1024w\" sizes=\"auto, (max-width: 300px) 100vw, 300px\" \/>\n            <\/div>\n        <\/div><div class=\"eael-entry-wrapper\"><header class=\"eael-entry-header\"><h2 class=\"eael-entry-title\"><a\n                        class=\"eael-grid-post-link\"\n                        href=\"https:\/\/marcioniasa.eu\/blog\/sinto-que-tenho-que-retribuir-rap-no-movimento\/\"\n                        title=\"Rap no Movimento: O rap me salvou tantas vezes, sinto que tenho que retribuir\">Rap no Movimento: O rap me salvou tantas vezes, sinto que tenho que retribuir<\/a><\/h2><\/header><div class=\"eael-entry-header-after\"><div class=\"eael-author-avatar\"><a href=\"https:\/\/marcioniasa.eu\/blog\/author\/marcioniasa\/\"><img alt='Avatar photo' src='https:\/\/marcioniasa.eu\/blog\/wp-content\/uploads\/2023\/02\/cropped-foto-marcio-niasa-careta-96x96.png' srcset='https:\/\/marcioniasa.eu\/blog\/wp-content\/uploads\/2023\/02\/cropped-foto-marcio-niasa-careta-192x192.png 2x' class='avatar avatar-96 photo' height='96' width='96' \/><\/a><\/div><div class=\"eael-entry-meta\"><span class=\"eael-posted-by\"><a href=\"https:\/\/marcioniasa.eu\/blog\/author\/marcioniasa\/\" title=\"Posts de Marcio Niasa\" rel=\"author\">Marcio Niasa<\/a><\/span><span class=\"eael-posted-on\"><time datetime=\"2 de julho de 2025\">2 de julho de 2025<\/time><\/span><\/div><\/div><\/div><\/div>\n        <\/div>\n    <\/article><article class=\"eael-grid-post eael-post-grid-column\" data-id=\"1188\">\n        <div class=\"eael-grid-post-holder\">\n            <div class=\"eael-grid-post-holder-inner\"><div class=\"eael-entry-media\"><div class=\"eael-entry-overlay none\"><i class=\"\" aria-hidden=\"true\"><\/i><a href=\"https:\/\/marcioniasa.eu\/blog\/depressao-pos-nada-quando-a-dor-nao-tem-nome\/\"><\/a><\/div><div class=\"eael-entry-thumbnail \">\n                <img loading=\"lazy\" decoding=\"async\" width=\"300\" height=\"193\" src=\"https:\/\/marcioniasa.eu\/blog\/wp-content\/uploads\/2025\/06\/marcio-niasa-depressao-pos-nada-300x193.png\" class=\"attachment-medium size-medium wp-image-1197\" alt=\"Depress\u00e3o P\u00f3s Nada: Quando a dor n\u00e3o tem nome, mas te consome\" srcset=\"https:\/\/marcioniasa.eu\/blog\/wp-content\/uploads\/2025\/06\/marcio-niasa-depressao-pos-nada-300x193.png 300w, https:\/\/marcioniasa.eu\/blog\/wp-content\/uploads\/2025\/06\/marcio-niasa-depressao-pos-nada-1024x660.png 1024w, https:\/\/marcioniasa.eu\/blog\/wp-content\/uploads\/2025\/06\/marcio-niasa-depressao-pos-nada-768x495.png 768w, https:\/\/marcioniasa.eu\/blog\/wp-content\/uploads\/2025\/06\/marcio-niasa-depressao-pos-nada.png 1366w\" sizes=\"auto, (max-width: 300px) 100vw, 300px\" \/>\n            <\/div>\n        <\/div><div class=\"eael-entry-wrapper\"><header class=\"eael-entry-header\"><h2 class=\"eael-entry-title\"><a\n                        class=\"eael-grid-post-link\"\n                        href=\"https:\/\/marcioniasa.eu\/blog\/depressao-pos-nada-quando-a-dor-nao-tem-nome\/\"\n                        title=\"Depress\u00e3o P\u00f3s Nada: Quando a dor n\u00e3o tem nome, mas te consome\">Depress\u00e3o P\u00f3s Nada: Quando a dor n\u00e3o tem nome, mas te consome<\/a><\/h2><\/header><div class=\"eael-entry-header-after\"><div class=\"eael-author-avatar\"><a href=\"https:\/\/marcioniasa.eu\/blog\/author\/marcioniasa\/\"><img alt='Avatar photo' src='https:\/\/marcioniasa.eu\/blog\/wp-content\/uploads\/2023\/02\/cropped-foto-marcio-niasa-careta-96x96.png' srcset='https:\/\/marcioniasa.eu\/blog\/wp-content\/uploads\/2023\/02\/cropped-foto-marcio-niasa-careta-192x192.png 2x' class='avatar avatar-96 photo' height='96' width='96' \/><\/a><\/div><div class=\"eael-entry-meta\"><span class=\"eael-posted-by\"><a href=\"https:\/\/marcioniasa.eu\/blog\/author\/marcioniasa\/\" title=\"Posts de Marcio Niasa\" rel=\"author\">Marcio Niasa<\/a><\/span><span class=\"eael-posted-on\"><time datetime=\"29 de junho de 2025\">29 de junho de 2025<\/time><\/span><\/div><\/div><\/div><\/div>\n        <\/div>\n    <\/article><article class=\"eael-grid-post eael-post-grid-column\" data-id=\"1103\">\n        <div class=\"eael-grid-post-holder\">\n            <div class=\"eael-grid-post-holder-inner\"><div class=\"eael-entry-media\"><div class=\"eael-entry-overlay none\"><i class=\"\" aria-hidden=\"true\"><\/i><a href=\"https:\/\/marcioniasa.eu\/blog\/a-importancia-do-google-meu-negocio-para-sua-empresa\/\"><\/a><\/div><div class=\"eael-entry-thumbnail \">\n                <img loading=\"lazy\" decoding=\"async\" width=\"300\" height=\"193\" src=\"https:\/\/marcioniasa.eu\/blog\/wp-content\/uploads\/2023\/02\/marcio-niasa-a-importancia-de-usar-a-busca-do-google-300x193.png\" class=\"attachment-medium size-medium wp-image-1106\" alt=\"A import\u00e2ncia do Google Meu Neg\u00f3cio para sua empresa\" srcset=\"https:\/\/marcioniasa.eu\/blog\/wp-content\/uploads\/2023\/02\/marcio-niasa-a-importancia-de-usar-a-busca-do-google-300x193.png 300w, https:\/\/marcioniasa.eu\/blog\/wp-content\/uploads\/2023\/02\/marcio-niasa-a-importancia-de-usar-a-busca-do-google-768x495.png 768w, https:\/\/marcioniasa.eu\/blog\/wp-content\/uploads\/2023\/02\/marcio-niasa-a-importancia-de-usar-a-busca-do-google.png 961w\" sizes=\"auto, (max-width: 300px) 100vw, 300px\" \/>\n            <\/div>\n        <\/div><div class=\"eael-entry-wrapper\"><header class=\"eael-entry-header\"><h2 class=\"eael-entry-title\"><a\n                        class=\"eael-grid-post-link\"\n                        href=\"https:\/\/marcioniasa.eu\/blog\/a-importancia-do-google-meu-negocio-para-sua-empresa\/\"\n                        title=\"A import\u00e2ncia do Google Meu Neg\u00f3cio para sua marca\">A import\u00e2ncia do Google Meu Neg\u00f3cio para sua marca<\/a><\/h2><\/header><div class=\"eael-entry-header-after\"><div class=\"eael-author-avatar\"><a href=\"https:\/\/marcioniasa.eu\/blog\/author\/marcioniasa\/\"><img alt='Avatar photo' src='https:\/\/marcioniasa.eu\/blog\/wp-content\/uploads\/2023\/02\/cropped-foto-marcio-niasa-careta-96x96.png' srcset='https:\/\/marcioniasa.eu\/blog\/wp-content\/uploads\/2023\/02\/cropped-foto-marcio-niasa-careta-192x192.png 2x' class='avatar avatar-96 photo' height='96' width='96' \/><\/a><\/div><div class=\"eael-entry-meta\"><span class=\"eael-posted-by\"><a href=\"https:\/\/marcioniasa.eu\/blog\/author\/marcioniasa\/\" title=\"Posts de Marcio Niasa\" rel=\"author\">Marcio Niasa<\/a><\/span><span class=\"eael-posted-on\"><time datetime=\"23 de fevereiro de 2023\">23 de fevereiro de 2023<\/time><\/span><\/div><\/div><\/div><\/div>\n        <\/div>\n    <\/article><article class=\"eael-grid-post eael-post-grid-column\" data-id=\"1084\">\n        <div class=\"eael-grid-post-holder\">\n            <div class=\"eael-grid-post-holder-inner\"><div class=\"eael-entry-media\"><div class=\"eael-entry-overlay none\"><i class=\"\" aria-hidden=\"true\"><\/i><a href=\"https:\/\/marcioniasa.eu\/blog\/ilha-comprida-e-muito-bom-morar-aqui-mas\/\"><\/a><\/div><div class=\"eael-entry-thumbnail \">\n                <img loading=\"lazy\" decoding=\"async\" width=\"300\" height=\"193\" src=\"https:\/\/marcioniasa.eu\/blog\/wp-content\/uploads\/2023\/02\/ilha-comprida-e-muito-bom-morar-aqui-mas-marcio-niasa-300x193.jpg\" class=\"attachment-medium size-medium wp-image-1172\" alt=\"Ilha Comprida: \u00c9 muito bom morar aqui. Mas\u2026\" srcset=\"https:\/\/marcioniasa.eu\/blog\/wp-content\/uploads\/2023\/02\/ilha-comprida-e-muito-bom-morar-aqui-mas-marcio-niasa-300x193.jpg 300w, https:\/\/marcioniasa.eu\/blog\/wp-content\/uploads\/2023\/02\/ilha-comprida-e-muito-bom-morar-aqui-mas-marcio-niasa-768x494.jpg 768w, https:\/\/marcioniasa.eu\/blog\/wp-content\/uploads\/2023\/02\/ilha-comprida-e-muito-bom-morar-aqui-mas-marcio-niasa.jpg 963w\" sizes=\"auto, (max-width: 300px) 100vw, 300px\" \/>\n            <\/div>\n        <\/div><div class=\"eael-entry-wrapper\"><header class=\"eael-entry-header\"><h2 class=\"eael-entry-title\"><a\n                        class=\"eael-grid-post-link\"\n                        href=\"https:\/\/marcioniasa.eu\/blog\/ilha-comprida-e-muito-bom-morar-aqui-mas\/\"\n                        title=\"Ilha Comprida: \u00c9 muito bom morar aqui. Mas&#8230;\">Ilha Comprida: \u00c9 muito bom morar aqui. Mas&#8230;<\/a><\/h2><\/header><div class=\"eael-entry-header-after\"><div class=\"eael-author-avatar\"><a href=\"https:\/\/marcioniasa.eu\/blog\/author\/marcioniasa\/\"><img alt='Avatar photo' src='https:\/\/marcioniasa.eu\/blog\/wp-content\/uploads\/2023\/02\/cropped-foto-marcio-niasa-careta-96x96.png' srcset='https:\/\/marcioniasa.eu\/blog\/wp-content\/uploads\/2023\/02\/cropped-foto-marcio-niasa-careta-192x192.png 2x' class='avatar avatar-96 photo' height='96' width='96' \/><\/a><\/div><div class=\"eael-entry-meta\"><span class=\"eael-posted-by\"><a href=\"https:\/\/marcioniasa.eu\/blog\/author\/marcioniasa\/\" title=\"Posts de Marcio Niasa\" rel=\"author\">Marcio Niasa<\/a><\/span><span class=\"eael-posted-on\"><time datetime=\"10 de fevereiro de 2023\">10 de fevereiro de 2023<\/time><\/span><\/div><\/div><\/div><\/div>\n        <\/div>\n    <\/article><\/div>\n            <div class=\"clearfix\"><\/div>\n        <\/div>            <div class=\"eael-load-more-button-wrap\">\n                <button class=\"eael-load-more-button\" id=\"eael-load-more-btn-79fdda0\" data-widget-id=\"79fdda0\" data-widget=\"79fdda0\" data-page-id=\"17\" data-nonce=\"cbe747973c\" data-template=\"{&quot;dir&quot;:&quot;lite&quot;,&quot;file_name&quot;:&quot;default.php&quot;,&quot;name&quot;:&quot;Post-Grid&quot;}\" data-class=\"Essential_Addons_Elementor\\Elements\\Post_Grid\" data-layout=\"masonry\" data-page=\"1\" data-args=\"orderby=date&amp;order=desc&amp;ignore_sticky_posts=1&amp;post_status=publish&amp;posts_per_page=8&amp;offset=0&amp;post_type=post\" data-max-page=\"3\">\n                    <div class=\"eael-btn-loader button__loader\"><\/div>\n                    <span>Veja Mais<\/span>\n                <\/button>\n            <\/div>\n        \t\t<\/div>\n\t\t\t\t<\/div>\n\t\t\t\t\t<\/div>\n\t\t<\/div>\n\t\t\t\t<div class=\"elementor-column elementor-col-50 elementor-top-column elementor-element elementor-element-32ba2ff\" data-id=\"32ba2ff\" data-element_type=\"column\" id=\"home-sidebar\">\n\t\t\t<div class=\"elementor-widget-wrap elementor-element-populated\">\n\t\t\t\t\t\t\t\t<div class=\"elementor-element elementor-element-3aef98f elementor-widget elementor-widget-sidebar\" data-id=\"3aef98f\" data-element_type=\"widget\" data-widget_type=\"sidebar.default\">\n\t\t\t\t<div class=\"elementor-widget-container\">\n\t\t\t<aside id=\"search-2\" class=\"widget widget_search\"><form role=\"search\" method=\"get\" class=\"search-form\" action=\"https:\/\/marcioniasa.eu\/blog\/\">\n\t<label>\n\t\t<span class=\"screen-reader-text\">Pesquisar por:<\/span>\n\t\t<input type=\"search\" class=\"search-field\"  placeholder=\"Pesquisar &hellip;\" value=\"\" name=\"s\" tabindex=\"-1\">\n\t\t\t<\/label>\n\t\t\t<input type=\"submit\" class=\"search-submit\" value=\"Pesquisar\">\n\t<\/form>\n<\/aside><aside id=\"media_image-6\" class=\"widget widget_media_image\"><h2 class=\"widget-title\">Eu Indico!<\/h2><a href=\"https:\/\/twoam.com.br\" target=\"_blank\" rel=\"noopener\"><img loading=\"lazy\" decoding=\"async\" width=\"241\" height=\"300\" src=\"https:\/\/marcioniasa.eu\/blog\/wp-content\/uploads\/2024\/03\/post-12-241x300.png\" class=\"image wp-image-1179  attachment-medium size-medium\" alt=\"marca twoam, camisetas, bones, oculos, cuecas, pulseitas masculinas, entregamos em todo o brasil\" style=\"max-width: 100%; height: auto;\" title=\"Arena\" srcset=\"https:\/\/marcioniasa.eu\/blog\/wp-content\/uploads\/2024\/03\/post-12-241x300.png 241w, https:\/\/marcioniasa.eu\/blog\/wp-content\/uploads\/2024\/03\/post-12-821x1024.png 821w, https:\/\/marcioniasa.eu\/blog\/wp-content\/uploads\/2024\/03\/post-12-768x958.png 768w, https:\/\/marcioniasa.eu\/blog\/wp-content\/uploads\/2024\/03\/post-12.png 1092w\" sizes=\"auto, (max-width: 241px) 100vw, 241px\" \/><\/a><\/aside><aside id=\"media_image-8\" class=\"widget widget_media_image\"><a href=\"https:\/\/rapnomovimento.com.br\/radio\" target=\"_blank\" rel=\"noopener\"><img loading=\"lazy\" decoding=\"async\" width=\"300\" height=\"115\" src=\"https:\/\/marcioniasa.eu\/blog\/wp-content\/uploads\/2024\/03\/radio-rap-no-movimento-300x115.png\" class=\"image wp-image-1180  attachment-medium size-medium\" alt=\"\" style=\"max-width: 100%; height: auto;\" srcset=\"https:\/\/marcioniasa.eu\/blog\/wp-content\/uploads\/2024\/03\/radio-rap-no-movimento-300x115.png 300w, https:\/\/marcioniasa.eu\/blog\/wp-content\/uploads\/2024\/03\/radio-rap-no-movimento.png 522w\" sizes=\"auto, (max-width: 300px) 100vw, 300px\" \/><\/a><\/aside>\n\t\t<aside id=\"recent-posts-1\" class=\"widget widget_recent_entries\">\n\t\t<h2 class=\"widget-title\">Posts recentes<\/h2><nav aria-label=\"Posts recentes\">\n\t\t<ul>\n\t\t\t\t\t\t\t\t\t\t\t<li>\n\t\t\t\t\t<a href=\"https:\/\/marcioniasa.eu\/blog\/vendo-casa-mobiliada-de-frente-para-o-mar-em-ilha-comprida\/\">Vendo Casa Mobiliada de Frente para o Mar em Ilha Comprida<\/a>\n\t\t\t\t\t\t\t\t\t<\/li>\n\t\t\t\t\t\t\t\t\t\t\t<li>\n\t\t\t\t\t<a href=\"https:\/\/marcioniasa.eu\/blog\/quando-e-que-fica-bom-reflexao-marcio-niasa\/\">Quando \u00e9 que fica bom? Por que caralhos a gente nunca t\u00e1 satisfeito<\/a>\n\t\t\t\t\t\t\t\t\t<\/li>\n\t\t\t\t\t\t\t\t\t\t\t<li>\n\t\t\t\t\t<a href=\"https:\/\/marcioniasa.eu\/blog\/a-virada-para-sagadi-gourmet\/\">Nova fase: A Virada da Nossa Padoka para Sagad\u00ed Gourmet<\/a>\n\t\t\t\t\t\t\t\t\t<\/li>\n\t\t\t\t\t\t\t\t\t\t\t<li>\n\t\t\t\t\t<a href=\"https:\/\/marcioniasa.eu\/blog\/por-que-meu-curriculo-e-eliminado-antes-da-entrevista\/\">Por que meu curr\u00edculo \u00e9 eliminado antes da entrevista?<\/a>\n\t\t\t\t\t\t\t\t\t<\/li>\n\t\t\t\t\t\t\t\t\t\t\t<li>\n\t\t\t\t\t<a href=\"https:\/\/marcioniasa.eu\/blog\/sinto-que-tenho-que-retribuir-rap-no-movimento\/\">Rap no Movimento: O rap me salvou tantas vezes, sinto que tenho que retribuir<\/a>\n\t\t\t\t\t\t\t\t\t<\/li>\n\t\t\t\t\t<\/ul>\n\n\t\t<\/nav><\/aside>\t\t<\/div>\n\t\t\t\t<\/div>\n\t\t\t\t\t<\/div>\n\t\t<\/div>\n\t\t\t\t\t\t\t<\/div>\n\t\t<\/section>\n\t\t\t\t\t\t\t<\/div>\n\t\t","protected":false},"excerpt":{"rendered":"<p>Ol\u00e1, sou Marcio Niasa Publicit\u00e1rio por natureza, empreendedor, pai, amante da cultura hip hop, p\u00e9ssimo camisa 10, e quase um artista pl\u00e1stico, rsrsr pintor. Organizar e transmitir evento online Marcio Niasa20 de agosto de 2021 Postar nas Redes Sociais: Voc\u00ea conhece a Etus? Marcio Niasa27 de maio de 2021 Inicie seu canal no Youtube e &hellip;<\/p>\n<p class=\"read-more\"> <a class=\"\" href=\"https:\/\/marcioniasa.eu\/blog\/ilha-comprida-e-muito-bom-morar-aqui-mas\/\"> <span class=\"screen-reader-text\">Ilha Comprida: \u00c9 muito bom morar aqui. Mas&#8230;<\/span> Leia mais &raquo;<\/a><\/p>\n","protected":false},"author":1,"featured_media":0,"parent":0,"menu_order":0,"comment_status":"closed","ping_status":"closed","template":"","meta":{"_mi_skip_tracking":false,"site-sidebar-layout":"no-sidebar","site-content-layout":"page-builder","ast-global-header-display":"","ast-main-header-display":"","ast-hfb-above-header-display":"","ast-hfb-below-header-display":"","ast-hfb-mobile-header-display":"","site-post-title":"disabled","ast-breadcrumbs-content":"disabled","ast-featured-img":"disabled","footer-sml-layout":"","theme-transparent-header-meta":"enabled","adv-header-id-meta":"","stick-header-meta":"","header-above-stick-meta":"","header-main-stick-meta":"","header-below-stick-meta":"","footnotes":""},"class_list":["post-17","page","type-page","status-publish","hentry"],"_links":{"self":[{"href":"https:\/\/marcioniasa.eu\/blog\/wp-json\/wp\/v2\/pages\/17","targetHints":{"allow":["GET"]}}],"collection":[{"href":"https:\/\/marcioniasa.eu\/blog\/wp-json\/wp\/v2\/pages"}],"about":[{"href":"https:\/\/marcioniasa.eu\/blog\/wp-json\/wp\/v2\/types\/page"}],"author":[{"embeddable":true,"href":"https:\/\/marcioniasa.eu\/blog\/wp-json\/wp\/v2\/users\/1"}],"replies":[{"embeddable":true,"href":"https:\/\/marcioniasa.eu\/blog\/wp-json\/wp\/v2\/comments?post=17"}],"version-history":[{"count":148,"href":"https:\/\/marcioniasa.eu\/blog\/wp-json\/wp\/v2\/pages\/17\/revisions"}],"predecessor-version":[{"id":1077,"href":"https:\/\/marcioniasa.eu\/blog\/wp-json\/wp\/v2\/pages\/17\/revisions\/1077"}],"wp:attachment":[{"href":"https:\/\/marcioniasa.eu\/blog\/wp-json\/wp\/v2\/media?parent=17"}],"curies":[{"name":"wp","href":"https:\/\/api.w.org\/{rel}","templated":true}]}}